{"id":678,"date":"2022-03-23T22:09:08","date_gmt":"2022-03-23T21:09:08","guid":{"rendered":"https:\/\/cds05.fr\/?page_id=678"},"modified":"2022-03-23T22:38:43","modified_gmt":"2022-03-23T21:38:43","slug":"jeunes-et-scolaires","status":"publish","type":"page","link":"https:\/\/cds05.fr\/?page_id=678","title":{"rendered":"Accueil collectif des mineurs et scolaires"},"content":{"rendered":"\n<p>Attention, malgr\u00e9 la fusion r\u00e9cente des minist\u00e8res, la r\u00e9glementation diff\u00e8re encore selon que la sortie d\u00e9pend de l&rsquo;accueil collectif des mineurs ou du milieu scolaire.<\/p>\n\n\n\n<p>L&rsquo;ensemble des textes sont disponibles sur le site de l&rsquo;<a href=\"https:\/\/efs.ffspeleo.fr\/reglementation.html\">\u00c9cole fran\u00e7aise de sp\u00e9l\u00e9ologie<\/a>.<\/p>\n\n\n\n<hr class=\"wp-block-separator\"\/>\n\n\n\n<p>Avec les services de l&rsquo;Inspection acad\u00e9mique, nous avons d\u00e9fini une liste de cavit\u00e9s ou portion de cavit\u00e9s r\u00e9pondant aux crit\u00e8res de s\u00e9curit\u00e9, d&rsquo;accessibilit\u00e9s et d&rsquo;int\u00e9r\u00eat p\u00e9dagogique. Les voici :<\/p>\n\n\n\n<ul class=\"wp-block-list\"><li>La grotte de la R\u00e9surrection, Aspres-sur-Buech. Note : la travers\u00e9e du torrent n\u00e9cessite une m\u00e9t\u00e9o sans risque d&rsquo;orage.<\/li><li>Le trou du Doigt, la Faurie.<\/li><li>Le puits des Bans, D\u00e9voluy. Note : seule la premi\u00e8re partie appel\u00e9e \u00ab\u00a0la boucle\u00a0\u00bb.<\/li><li>Les Tunes 9 et 10, D\u00e9voluy. Note : la partie via-souterrata.<\/li><li>Les Baumettes, D\u00e9voluy. Note : jusqu&rsquo;\u00e0 la chati\u00e8re triangulaire -30 m.<\/li><li>La baume des Forcen\u00e9s, D\u00e9voluy. Note : jusqu&rsquo;\u00e0 l&rsquo;\u00e9chelle.<\/li><li>Balme Fenestra et balme du Pertus, Champcella.<\/li><\/ul>\n","protected":false},"excerpt":{"rendered":"<p>Attention, malgr\u00e9 la fusion r\u00e9cente des minist\u00e8res, la r\u00e9glementation diff\u00e8re encore selon que la sortie d\u00e9pend de l&rsquo;accueil collectif des mineurs ou du milieu scolaire. L&rsquo;ensemble des textes sont disponibles sur le site de l&rsquo;\u00c9cole fran\u00e7aise de sp\u00e9l\u00e9ologie. Avec les services de l&rsquo;Inspection acad\u00e9mique, nous avons d\u00e9fini une liste de cavit\u00e9s ou portion de cavit\u00e9s &hellip; <a href=\"https:\/\/cds05.fr\/?page_id=678\" class=\"more-link\">Continuer la lecture de <span class=\"screen-reader-text\">Accueil collectif des mineurs et scolaires<\/span>  <span class=\"meta-nav\">&rarr;<\/span><\/a><\/p>\n","protected":false},"author":8,"featured_media":0,"parent":638,"menu_order":3,"comment_status":"closed","ping_status":"closed","template":"","meta":{"footnotes":""},"class_list":["post-678","page","type-page","status-publish","hentry"],"_links":{"self":[{"href":"https:\/\/cds05.fr\/index.php?rest_route=\/wp\/v2\/pages\/678","targetHints":{"allow":["GET"]}}],"collection":[{"href":"https:\/\/cds05.fr\/index.php?rest_route=\/wp\/v2\/pages"}],"about":[{"href":"https:\/\/cds05.fr\/index.php?rest_route=\/wp\/v2\/types\/page"}],"author":[{"embeddable":true,"href":"https:\/\/cds05.fr\/index.php?rest_route=\/wp\/v2\/users\/8"}],"replies":[{"embeddable":true,"href":"https:\/\/cds05.fr\/index.php?rest_route=%2Fwp%2Fv2%2Fcomments&post=678"}],"version-history":[{"count":3,"href":"https:\/\/cds05.fr\/index.php?rest_route=\/wp\/v2\/pages\/678\/revisions"}],"predecessor-version":[{"id":682,"href":"https:\/\/cds05.fr\/index.php?rest_route=\/wp\/v2\/pages\/678\/revisions\/682"}],"up":[{"embeddable":true,"href":"https:\/\/cds05.fr\/index.php?rest_route=\/wp\/v2\/pages\/638"}],"wp:attachment":[{"href":"https:\/\/cds05.fr\/index.php?rest_route=%2Fwp%2Fv2%2Fmedia&parent=678"}],"curies":[{"name":"wp","href":"https:\/\/api.w.org\/{rel}","templated":true}]}}